{"id":31455,"date":"2024-11-26T12:23:44","date_gmt":"2024-11-26T12:23:44","guid":{"rendered":"https:\/\/kraftlager.lv\/lv\/?post_type=product&#038;p=31455"},"modified":"2024-12-17T12:25:35","modified_gmt":"2024-12-17T12:25:35","slug":"mojo-modularais-stura-divans","status":"publish","type":"product","link":"https:\/\/kraftlager.lv\/lv\/products\/mojo-modularais-stura-divans\/","title":{"rendered":"Mojo Modul\u0101rais st\u016bra d\u012bv\u0101ns"},"content":{"rendered":"<h3>Mojo Modul\u0101rais st\u016bra d\u012bv\u0101ns<\/h3>\n<p>Kr\u0101sa: zila<\/p>\n<p>Materi\u0101ls: vel\u016brs<\/p>\n<p id=\"tw-target-text\" class=\"tw-data-text tw-text-large tw-ta\" dir=\"ltr\" data-placeholder=\"Translation\" data-ved=\"2ahUKEwj5_diQ3_mJAxX9BxAIHXSREHcQ3ewLegQICxAU\" aria-label=\"Translated text: Vai mekl\u0113jat nestandarta izm\u0113ra st\u016bra d\u012bv\u0101nu savai viesistabai vai birojam? Modu\u013cu st\u016bra d\u012bv\u0101ns Mojo ir m\u0113bele, kas atbilst daudz\u0101m un da\u017e\u0101d\u0101m pras\u012bb\u0101m. \u0160is st\u016bra d\u012bv\u0101ns sast\u0101v no 1\u00a0st\u016bra d\u012bv\u0101na,\u00a02\u00a0vienviet\u012bga, 1\u00a0liela un 1\u00a0maza modu\u013cu bloka, un to var viegli pagarin\u0101t, pievienojot papildu gabalus no Mojo kolekcijas. Katru vien\u012bbu var piestiprin\u0101t pie citiem, izmantojot apak\u0161\u0101 eso\u0161os \u012bpa\u0161os klipus, kurus var viegli pasl\u0113pt, ja tas nav nepiecie\u0161ams. T\u0101tad, j\u016bs varat prec\u012bzi izlemt, cik liels jums ir nepiecie\u0161ams j\u016bsu st\u016bra d\u012bv\u0101ns, lai taj\u0101 var\u0113tu izmitin\u0101t visu \u0123imeni un m\u012b\u013cos.\"><span class=\"Y2IQFc\" lang=\"lv\">Vai mekl\u0113jat nestandarta izm\u0113ra st\u016bra d\u012bv\u0101nu savai viesistabai vai birojam? Modu\u013cu st\u016bra d\u012bv\u0101ns Mojo ir m\u0113bele, kas atbilst daudz\u0101m un da\u017e\u0101d\u0101m pras\u012bb\u0101m. \u0160is st\u016bra d\u012bv\u0101ns sast\u0101v no 1\u00a0st\u016bra d\u012bv\u0101na,\u00a02\u00a0vienviet\u012bga, 1\u00a0liela un 1\u00a0maza modu\u013cu bloka, un to var viegli pagarin\u0101t, pievienojot papildu gabalus no Mojo kolekcijas. Katru vien\u012bbu var piestiprin\u0101t pie citiem, izmantojot apak\u0161\u0101 eso\u0161os \u012bpa\u0161os klipus, kurus var viegli pasl\u0113pt, ja tas nav nepiecie\u0161ams. T\u0101tad, j\u016bs varat prec\u012bzi izlemt, cik liels jums ir nepiecie\u0161ams j\u016bsu st\u016bra d\u012bv\u0101ns, lai taj\u0101 var\u0113tu izmitin\u0101t visu \u0123imeni un m\u012b\u013cos.<\/span><\/p>\n<p id=\"tw-target-text\" class=\"tw-data-text tw-text-large tw-ta\" dir=\"ltr\" data-placeholder=\"Translation\" data-ved=\"2ahUKEwj5_diQ3_mJAxX9BxAIHXSREHcQ3ewLegQICxAU\" aria-label=\"Translated text: Modu\u013cu st\u016bra d\u012bv\u0101ns Mojo ir minim\u0101lisma stil\u0101, ko papildina elegantas fran\u010du \u0161uves, kas redzamas mal\u0101s. J\u016bs varat izv\u0113l\u0113ties no da\u017e\u0101diem polster\u0113juma materi\u0101liem daudz\u0101s kr\u0101s\u0101s, kas atvieglo m\u0113be\u013cu pieska\u0146o\u0161anu j\u016bsu interjeram. Vienk\u0101r\u0161\u0101 forma ar noapa\u013cotaj\u0101m mal\u0101m ir moderna un nepiespiesta, ta\u010du pied\u0101v\u0101 ar\u012b lielisku komfortu. Augstas elast\u012bbas putu pild\u012bjums padara s\u0113dekli m\u012bkstu, bet taj\u0101 pa\u0161\u0101 laik\u0101 saglab\u0101 formu. Savuk\u0101rt atzveltne ir pild\u012bta ar silikona \u0161\u0137iedru un nodro\u0161ina labu muguras atbalstu.\"><span class=\"Y2IQFc\" lang=\"lv\">Modu\u013cu st\u016bra d\u012bv\u0101ns Mojo ir minim\u0101lisma stil\u0101, ko papildina elegantas fran\u010du \u0161uves, kas redzamas mal\u0101s. J\u016bs varat izv\u0113l\u0113ties no da\u017e\u0101diem polster\u0113juma materi\u0101liem daudz\u0101s kr\u0101s\u0101s, kas atvieglo m\u0113be\u013cu pieska\u0146o\u0161anu j\u016bsu interjeram. Vienk\u0101r\u0161\u0101 forma ar noapa\u013cotaj\u0101m mal\u0101m ir moderna un nepiespiesta, ta\u010du pied\u0101v\u0101 ar\u012b lielisku komfortu. Augstas elast\u012bbas putu pild\u012bjums padara s\u0113dekli m\u012bkstu, bet taj\u0101 pa\u0161\u0101 laik\u0101 saglab\u0101 formu. Savuk\u0101rt atzveltne ir pild\u012bta ar silikona \u0161\u0137iedru un nodro\u0161ina labu muguras atbalstu.<\/span><\/p>\n<pre id=\"tw-target-text\" class=\"tw-data-text tw-text-large tw-ta\" dir=\"ltr\" data-placeholder=\"Translation\" data-ved=\"2ahUKEwj5_diQ3_mJAxX9BxAIHXSREHcQ3ewLegQICxAU\" aria-label=\"Translated text: Platums\r\n226 cm\r\nAugstums\r\n70 cm\r\nDzi\u013cums\r\n273 cm\r\nS\u0113dek\u013ca platums\r\n190 cm\r\nS\u0113dek\u013ca augstums\r\n43 cm\r\nS\u0113dek\u013ca dzi\u013cums\r\n237 cm\r\nMuguras augstums\r\n33 cm\r\nK\u0101ju augstums\r\n3,5\u00a0cm\"><span class=\"Y2IQFc\" lang=\"lv\">Platums\r\n226 cm\r\nAugstums\r\n70 cm\r\nDzi\u013cums\r\n273 cm\r\nS\u0113dek\u013ca platums\r\n190 cm\r\nS\u0113dek\u013ca augstums\r\n43 cm\r\nS\u0113dek\u013ca dzi\u013cums\r\n237 cm\r\nMuguras augstums\r\n33 cm\r\nK\u0101ju augstums\r\n3,5\u00a0cm<\/span><\/pre>\n","protected":false},"excerpt":{"rendered":"<p>Mojo Modul\u0101rais st\u016bra d\u012bv\u0101ns Kr\u0101sa: zila Materi\u0101ls: vel\u016brs Vai mekl\u0113jat nestandarta izm\u0113ra st\u016bra d\u012bv\u0101nu savai viesistabai vai birojam? Modu\u013cu st\u016bra d\u012bv\u0101ns Mojo ir m\u0113bele, kas atbilst daudz\u0101m un da\u017e\u0101d\u0101m pras\u012bb\u0101m. \u0160is st\u016bra d\u012bv\u0101ns sast\u0101v no 1\u00a0st\u016bra d\u012bv\u0101na,\u00a02\u00a0vienviet\u012bga, 1\u00a0liela un 1\u00a0maza modu\u013cu bloka, un to var viegli pagarin\u0101t, pievienojot papildu gabalus no Mojo kolekcijas. Katru vien\u012bbu [&hellip;]<\/p>\n","protected":false},"featured_media":31456,"comment_status":"closed","ping_status":"closed","template":"","meta":{"inline_featured_image":false,"_uf_show_specific_survey":0,"_uf_disable_surveys":false},"product_brand":[],"product_cat":[130],"product_tag":[2147,2500,2133,343,2128],"class_list":{"0":"post-31455","1":"product","2":"type-product","3":"status-publish","4":"has-post-thumbnail","6":"product_cat-mebeles","7":"product_tag-dizaina-stura-divans","8":"product_tag-modulu-divans","9":"product_tag-ofisa-divans","10":"product_tag-stura-divans","11":"product_tag-viesistabas-divans","14":"first","15":"outofstock","16":"sale","17":"featured","18":"taxable","19":"shipping-taxable","20":"purchasable","21":"product-type-simple"},"_links":{"self":[{"href":"https:\/\/kraftlager.lv\/lv\/wp-json\/wp\/v2\/product\/31455","targetHints":{"allow":["GET"]}}],"collection":[{"href":"https:\/\/kraftlager.lv\/lv\/wp-json\/wp\/v2\/product"}],"about":[{"href":"https:\/\/kraftlager.lv\/lv\/wp-json\/wp\/v2\/types\/product"}],"replies":[{"embeddable":true,"href":"https:\/\/kraftlager.lv\/lv\/wp-json\/wp\/v2\/comments?post=31455"}],"wp:featuredmedia":[{"embeddable":true,"href":"https:\/\/kraftlager.lv\/lv\/wp-json\/wp\/v2\/media\/31456"}],"wp:attachment":[{"href":"https:\/\/kraftlager.lv\/lv\/wp-json\/wp\/v2\/media?parent=31455"}],"wp:term":[{"taxonomy":"product_brand","embeddable":true,"href":"https:\/\/kraftlager.lv\/lv\/wp-json\/wp\/v2\/product_brand?post=31455"},{"taxonomy":"product_cat","embeddable":true,"href":"https:\/\/kraftlager.lv\/lv\/wp-json\/wp\/v2\/product_cat?post=31455"},{"taxonomy":"product_tag","embeddable":true,"href":"https:\/\/kraftlager.lv\/lv\/wp-json\/wp\/v2\/product_tag?post=31455"}],"curies":[{"name":"wp","href":"https:\/\/api.w.org\/{rel}","templated":true}]}}