{"id":31539,"date":"2024-11-27T12:37:09","date_gmt":"2024-11-27T12:37:09","guid":{"rendered":"https:\/\/kraftlager.lv\/lv\/?post_type=product&#038;p=31539"},"modified":"2025-01-20T09:01:17","modified_gmt":"2025-01-20T09:01:17","slug":"flair-apals-pufs-ar-metala-kajam","status":"publish","type":"product","link":"https:\/\/kraftlager.lv\/ru\/products\/flair-apals-pufs-ar-metala-kajam\/","title":{"rendered":"Flair apa\u013c\u0161 pufs ar met\u0101la k\u0101j\u0101m"},"content":{"rendered":"<h3>Flair apa\u013c\u0161 pufs ar met\u0101la k\u0101j\u0101m<\/h3>\n<p>Kr\u0101sa: sudraba<\/p>\n<p>Materi\u0101ls: vel\u016brs<\/p>\n<p id=\"tw-target-text\" class=\"tw-data-text tw-text-large tw-ta\" dir=\"ltr\" data-placeholder=\"Translation\" data-ved=\"2ahUKEwjUv7XDvvyJAxUtUlUIHWg_DawQ3ewLegQICxAU\" aria-label=\"Translated text: Pufs ir m\u0113bele, kurai m\u0101j\u0101s j\u0101b\u016bt ikvienam. Elegants izskats, papildu s\u0113dvieta un fakts, ka to var izmantot k\u0101 kr\u0113slu, ir da\u017eas no t\u0101s fantastiskaj\u0101m \u012bpa\u0161\u012bb\u0101m. Ir daudz da\u017e\u0101du pufa izmanto\u0161anas veidu j\u016bsu m\u0101j\u0101s, un m\u016bsu klienti \u013coti bie\u017ei izv\u0113las t\u0101dus pufus k\u0101 Flair modeli. T\u0101s forma ir diezgan klasiska, bet taj\u0101 pa\u0161\u0101 laik\u0101 stil\u012bga un grandioza. Visa m\u0113bele ir pacelta uz skaist\u0101m, zeltain\u0101m k\u0101j\u0101m, kas patie\u0161\u0101m izce\u013c visu \u0161\u012b mode\u013ca raksturu. Pufa r\u0101mis galvenok\u0101rt ir izgatavots no di\u017esk\u0101bar\u017ea koka. S\u0113deklis ir pild\u012bts ar elast\u012bg\u0101m put\u0101m, un jums ir iesp\u0113ja izv\u0113l\u0113ties audumus, kas atbilst jebkuram interjeram. \u0160\u012b mode\u013ca kr\u0101su sh\u0113ma ir \u013coti d\u0101sna, kas noz\u012bm\u0113, ka ikviens var\u0113s atrast kaut ko ide\u0101lu sev un savai telpai.\"><span class=\"Y2IQFc\" lang=\"lv\">Pufs ir m\u0113bele, kurai m\u0101j\u0101s j\u0101b\u016bt ikvienam. Elegants izskats, papildu s\u0113dvieta un fakts, ka to var izmantot k\u0101 kr\u0113slu, ir da\u017eas no t\u0101s fantastiskaj\u0101m \u012bpa\u0161\u012bb\u0101m. Ir daudz da\u017e\u0101du pufa izmanto\u0161anas veidu j\u016bsu m\u0101j\u0101s, un m\u016bsu klienti \u013coti bie\u017ei izv\u0113las t\u0101dus pufus k\u0101 Flair modeli. T\u0101s forma ir diezgan klasiska, bet taj\u0101 pa\u0161\u0101 laik\u0101 stil\u012bga un grandioza. Visa m\u0113bele ir pacelta uz skaist\u0101m, zeltain\u0101m k\u0101j\u0101m, kas patie\u0161\u0101m izce\u013c visu \u0161\u012b mode\u013ca raksturu. Pufa r\u0101mis galvenok\u0101rt ir izgatavots no di\u017esk\u0101bar\u017ea koka. S\u0113deklis ir pild\u012bts ar elast\u012bg\u0101m put\u0101m, un jums ir iesp\u0113ja izv\u0113l\u0113ties audumus, kas atbilst jebkuram interjeram. \u0160\u012b mode\u013ca kr\u0101su sh\u0113ma ir \u013coti d\u0101sna, kas noz\u012bm\u0113, ka ikviens var\u0113s atrast kaut ko ide\u0101lu sev un savai telpai.<\/span><\/p>\n<pre id=\"tw-target-text\" class=\"tw-data-text tw-text-large tw-ta\" dir=\"ltr\" data-placeholder=\"Translation\" data-ved=\"2ahUKEwjUv7XDvvyJAxUtUlUIHWg_DawQ3ewLegQICxAU\" aria-label=\"Translated text: Svars\r\n3,5 kg\r\nPlatums\r\n30 cm\r\nAugstums\r\n41 cm\r\nDzi\u013cums\r\n30 cm\r\nS\u0113dek\u013ca platums\r\n30 cm\r\nS\u0113dek\u013ca augstums\r\n41 cm\r\nS\u0113dek\u013ca dzi\u013cums\r\n30 cm\r\nK\u0101ju augstums\r\n16 cm\r\nSl\u0113d\u017ea vien\u012bbas\"><span class=\"Y2IQFc\" lang=\"lv\">Svars\r\n3,5 kg\r\nPlatums\r\n30 cm\r\nAugstums\r\n41 cm\r\nDzi\u013cums\r\n30 cm\r\nS\u0113dek\u013ca platums\r\n30 cm\r\nS\u0113dek\u013ca augstums\r\n41 cm\r\nS\u0113dek\u013ca dzi\u013cums\r\n30 cm\r\nK\u0101ju augstums\r\n16 cm<\/span><\/pre>\n","protected":false},"excerpt":{"rendered":"<p>Flair apa\u013c\u0161 pufs ar met\u0101la k\u0101j\u0101m Kr\u0101sa: sudraba Materi\u0101ls: vel\u016brs Pufs ir m\u0113bele, kurai m\u0101j\u0101s j\u0101b\u016bt ikvienam. Elegants izskats, papildu s\u0113dvieta un fakts, ka to var izmantot k\u0101 kr\u0113slu, ir da\u017eas no t\u0101s fantastiskaj\u0101m \u012bpa\u0161\u012bb\u0101m. Ir daudz da\u017e\u0101du pufa izmanto\u0161anas veidu j\u016bsu m\u0101j\u0101s, un m\u016bsu klienti \u013coti bie\u017ei izv\u0113las t\u0101dus pufus k\u0101 Flair modeli. T\u0101s [&hellip;]<\/p>\n","protected":false},"featured_media":31540,"comment_status":"closed","ping_status":"closed","template":"","meta":{"inline_featured_image":false,"_uf_show_specific_survey":0,"_uf_disable_surveys":false},"product_brand":[],"product_cat":[130],"product_tag":[2513,2514,508,1042,2512],"class_list":{"0":"post-31539","1":"product","2":"type-product","3":"status-publish","4":"has-post-thumbnail","6":"product_cat-mebeles","7":"product_tag-apals-pufs","8":"product_tag-garderobes-pufs","9":"product_tag-pufs","10":"product_tag-samta-pufs","11":"product_tag-velura-pufs","14":"first","15":"outofstock","16":"sale","17":"taxable","18":"shipping-taxable","19":"purchasable","20":"product-type-simple"},"_links":{"self":[{"href":"https:\/\/kraftlager.lv\/ru\/wp-json\/wp\/v2\/product\/31539","targetHints":{"allow":["GET"]}}],"collection":[{"href":"https:\/\/kraftlager.lv\/ru\/wp-json\/wp\/v2\/product"}],"about":[{"href":"https:\/\/kraftlager.lv\/ru\/wp-json\/wp\/v2\/types\/product"}],"replies":[{"embeddable":true,"href":"https:\/\/kraftlager.lv\/ru\/wp-json\/wp\/v2\/comments?post=31539"}],"wp:featuredmedia":[{"embeddable":true,"href":"https:\/\/kraftlager.lv\/ru\/wp-json\/wp\/v2\/media\/31540"}],"wp:attachment":[{"href":"https:\/\/kraftlager.lv\/ru\/wp-json\/wp\/v2\/media?parent=31539"}],"wp:term":[{"taxonomy":"product_brand","embeddable":true,"href":"https:\/\/kraftlager.lv\/ru\/wp-json\/wp\/v2\/product_brand?post=31539"},{"taxonomy":"product_cat","embeddable":true,"href":"https:\/\/kraftlager.lv\/ru\/wp-json\/wp\/v2\/product_cat?post=31539"},{"taxonomy":"product_tag","embeddable":true,"href":"https:\/\/kraftlager.lv\/ru\/wp-json\/wp\/v2\/product_tag?post=31539"}],"curies":[{"name":"wp","href":"https:\/\/api.w.org\/{rel}","templated":true}]}}